{"id":3471,"date":"2020-11-30T16:54:51","date_gmt":"2020-11-30T15:54:51","guid":{"rendered":"https:\/\/www.bremer-kantorei-stephani.de\/ensayar\/"},"modified":"2022-11-21T17:25:12","modified_gmt":"2022-11-21T16:25:12","slug":"ensayar","status":"publish","type":"page","link":"https:\/\/www.bremer-kantorei-stephani.de\/es\/ensayar\/","title":{"rendered":"Ensayar"},"content":{"rendered":"\t\t<div data-elementor-type=\"wp-page\" data-elementor-id=\"3471\" class=\"elementor elementor-3471 elementor-3140\" data-elementor-post-type=\"page\">\n\t\t\t\t\t\t<section class=\"elementor-section elementor-top-section elementor-element elementor-element-adfe314 elementor-section-full_width elementor-section-stretched elementor-section-height-default elementor-section-height-default\" data-id=\"adfe314\" data-element_type=\"section\" data-e-type=\"section\" data-settings=\"{&quot;stretch_section&quot;:&quot;section-stretched&quot;}\">\n\t\t\t\t\t\t<div class=\"elementor-container elementor-column-gap-no\">\n\t\t\t\t\t<div class=\"elementor-column elementor-col-100 elementor-top-column elementor-element elementor-element-9632387\" data-id=\"9632387\" data-element_type=\"column\" data-e-type=\"column\">\n\t\t\t<div class=\"elementor-widget-wrap elementor-element-populated\">\n\t\t\t\t\t\t<div class=\"elementor-element elementor-element-5ca4c2c elementor--h-position-center elementor--v-position-middle elementor-pagination-position-inside elementor-widget elementor-widget-slides\" data-id=\"5ca4c2c\" data-element_type=\"widget\" data-e-type=\"widget\" data-settings=\"{&quot;autoplay_speed&quot;:8000,&quot;transition&quot;:&quot;fade&quot;,&quot;transition_speed&quot;:3000,&quot;navigation&quot;:&quot;dots&quot;,&quot;autoplay&quot;:&quot;yes&quot;,&quot;pause_on_hover&quot;:&quot;yes&quot;,&quot;pause_on_interaction&quot;:&quot;yes&quot;,&quot;infinite&quot;:&quot;yes&quot;}\" data-widget_type=\"slides.default\">\n\t\t\t\t<div class=\"elementor-widget-container\">\n\t\t\t\t\t\t\t\t\t<div class=\"elementor-swiper\">\n\t\t\t\t\t<div class=\"elementor-slides-wrapper elementor-main-swiper swiper\" role=\"region\" aria-roledescription=\"carousel\" aria-label=\"Diapositivas\" dir=\"ltr\" data-animation=\"fadeInUp\">\n\t\t\t\t<div class=\"swiper-wrapper elementor-slides\">\n\t\t\t\t\t\t\t\t\t\t<div class=\"elementor-repeater-item-f7f212a swiper-slide\" role=\"group\" aria-roledescription=\"slide\"><div class=\"swiper-slide-bg\" role=\"img\" aria-label=\"orte-1\"><\/div><div class=\"swiper-slide-inner\" ><div class=\"swiper-slide-contents\"><\/div><\/div><\/div><div class=\"elementor-repeater-item-06efb07 swiper-slide\" role=\"group\" aria-roledescription=\"slide\"><div class=\"swiper-slide-bg\" role=\"img\" aria-label=\"orte-5\"><\/div><div class=\"swiper-slide-inner\" ><div class=\"swiper-slide-contents\"><\/div><\/div><\/div><div class=\"elementor-repeater-item-b6903b0 swiper-slide\" role=\"group\" aria-roledescription=\"slide\"><div class=\"swiper-slide-bg\" role=\"img\" aria-label=\"start-6\"><\/div><div class=\"swiper-slide-inner\" ><div class=\"swiper-slide-contents\"><\/div><\/div><\/div><div class=\"elementor-repeater-item-f7105f6 swiper-slide\" role=\"group\" aria-roledescription=\"slide\"><div class=\"swiper-slide-bg\" role=\"img\" aria-label=\"orte-3\"><\/div><div class=\"swiper-slide-inner\" ><div class=\"swiper-slide-contents\"><\/div><\/div><\/div><div class=\"elementor-repeater-item-c21716b swiper-slide\" role=\"group\" aria-roledescription=\"slide\"><div class=\"swiper-slide-bg\" role=\"img\" aria-label=\"orte-7\"><\/div><div class=\"swiper-slide-inner\" ><div class=\"swiper-slide-contents\"><\/div><\/div><\/div>\t\t\t\t<\/div>\n\t\t\t\t\t\t\t\t\t\t\t\t\t\t\t\t\t\t\t\t<div class=\"swiper-pagination\"><\/div>\n\t\t\t\t\t\t\t\t\t\t\t\t<\/div>\n\t\t\t\t<\/div>\n\t\t\t\t\t\t\t\t<\/div>\n\t\t\t\t<\/div>\n\t\t\t\t\t<\/div>\n\t\t<\/div>\n\t\t\t\t\t<\/div>\n\t\t<\/section>\n\t\t\t\t<section class=\"elementor-section elementor-top-section elementor-element elementor-element-62d29b5 elementor-section-full_width elementor-section-content-top elementor-section-height-default elementor-section-height-default\" data-id=\"62d29b5\" data-element_type=\"section\" data-e-type=\"section\">\n\t\t\t\t\t\t<div class=\"elementor-container elementor-column-gap-no\">\n\t\t\t\t\t<div class=\"elementor-column elementor-col-100 elementor-top-column elementor-element elementor-element-5de2e75\" data-id=\"5de2e75\" data-element_type=\"column\" data-e-type=\"column\">\n\t\t\t<div class=\"elementor-widget-wrap elementor-element-populated\">\n\t\t\t\t\t\t<div class=\"elementor-element elementor-element-79e3e68 elementor-widget elementor-widget-spacer\" data-id=\"79e3e68\" data-element_type=\"widget\" data-e-type=\"widget\" data-widget_type=\"spacer.default\">\n\t\t\t\t<div class=\"elementor-widget-container\">\n\t\t\t\t\t\t\t<div class=\"elementor-spacer\">\n\t\t\t<div class=\"elementor-spacer-inner\"><\/div>\n\t\t<\/div>\n\t\t\t\t\t\t<\/div>\n\t\t\t\t<\/div>\n\t\t\t\t\t<\/div>\n\t\t<\/div>\n\t\t\t\t\t<\/div>\n\t\t<\/section>\n\t\t\t\t<section class=\"elementor-section elementor-top-section elementor-element elementor-element-bbf2755 elementor-section-full_width elementor-section-height-default elementor-section-height-default\" data-id=\"bbf2755\" data-element_type=\"section\" data-e-type=\"section\">\n\t\t\t\t\t\t<div class=\"elementor-container elementor-column-gap-default\">\n\t\t\t\t\t<div class=\"elementor-column elementor-col-50 elementor-top-column elementor-element elementor-element-8952fcb\" data-id=\"8952fcb\" data-element_type=\"column\" data-e-type=\"column\">\n\t\t\t<div class=\"elementor-widget-wrap elementor-element-populated\">\n\t\t\t\t\t\t<div class=\"elementor-element elementor-element-5a7a10d elementor-widget elementor-widget-heading\" data-id=\"5a7a10d\" data-element_type=\"widget\" data-e-type=\"widget\" data-widget_type=\"heading.default\">\n\t\t\t\t<div class=\"elementor-widget-container\">\n\t\t\t\t\t<h1 class=\"elementor-heading-title elementor-size-default\">Ensayar<\/h1>\t\t\t\t<\/div>\n\t\t\t\t<\/div>\n\t\t\t\t<div class=\"elementor-element elementor-element-9e1d0e9 elementor-widget elementor-widget-text-editor\" data-id=\"9e1d0e9\" data-element_type=\"widget\" data-e-type=\"widget\" data-widget_type=\"text-editor.default\">\n\t\t\t\t<div class=\"elementor-widget-container\">\n\t\t\t\t\t\t\t\t\t<div class=\"item-page\"><p>El coro <a href=\"http:\/\/www.bremer-kantorei-stephani.de\/menschen\/chor\">Bremer Kantorei St. Stephani<\/a> lleva a cabo audiciones los lunes de 19.30 a 22\u00a0h (excepto durante las vacaciones escolares de Bremen) en el centro parroquial de St.-Stephani, Stephanikirchhof 8, 28195 Bremen.<\/p><p>Si es necesario y de forma opcional, tambi\u00e9n llevamos a cabo audiciones para principiantes o iniciados los jueves de 19.30 a 22\u00a0h.<\/p><p>\u00bfY despu\u00e9s de la audici\u00f3n? Suele haber una reuni\u00f3n informal en relaci\u00f3n con las audiciones y los fines de semana de audici\u00f3n, as\u00ed como una tertulia durante las vacaciones de verano.<\/p><p><strong>Parada Domsheide<\/strong> de las l\u00edneas de tranv\u00eda 2, 3, 4, 6, 8 y de las l\u00edneas de autob\u00fas 24, 25<\/p><\/div>\t\t\t\t\t\t\t\t<\/div>\n\t\t\t\t<\/div>\n\t\t\t\t\t<\/div>\n\t\t<\/div>\n\t\t\t\t<div class=\"elementor-column elementor-col-50 elementor-top-column elementor-element elementor-element-6619414\" data-id=\"6619414\" data-element_type=\"column\" data-e-type=\"column\">\n\t\t\t<div class=\"elementor-widget-wrap elementor-element-populated\">\n\t\t\t\t\t\t<div class=\"elementor-element elementor-element-3115d3c elementor-widget elementor-widget-text-editor\" data-id=\"3115d3c\" data-element_type=\"widget\" data-e-type=\"widget\" data-widget_type=\"text-editor.default\">\n\t\t\t\t<div class=\"elementor-widget-container\">\n\t\t\t\t\t\t\t\t\t<h2>Contacto<\/h2>\n<p>Bremer Kantorei St. Stephani, Tim G\u00fcnther, director art\u00edstico \/ director musical,\u00a0 Tel +49 421 302 242\u00a0 \u00a0 <a href=\"mailto: musikdirektion@kulturkirche-bremen.de\">E-Mail<\/a><\/p>\n\t\t\t\t\t\t\t\t<\/div>\n\t\t\t\t<\/div>\n\t\t\t\t<div class=\"elementor-element elementor-element-b8e74f8 elementor-widget elementor-widget-wp-widget-media_audio\" data-id=\"b8e74f8\" data-element_type=\"widget\" data-e-type=\"widget\" data-widget_type=\"wp-widget-media_audio.default\">\n\t\t\t\t<div class=\"elementor-widget-container\">\n\t\t\t\t\t<audio class=\"wp-audio-shortcode\" id=\"audio-3471-1\" preload=\"none\" style=\"width: 100%;\" controls=\"controls\"><source type=\"audio\/mpeg\" src=\"https:\/\/www.bremer-kantorei-stephani.de\/wp-content\/uploads\/06_fmendelssohn_-paulus_wirpreisenselig.mp3?_=1\" \/><source type=\"audio\/mpeg\" src=\"https:\/\/www.bremer-kantorei-stephani.de\/wp-content\/uploads\/06_fmendelssohn_-paulus_wirpreisenselig.mp3?_=1\" \/><a href=\"https:\/\/www.bremer-kantorei-stephani.de\/wp-content\/uploads\/06_fmendelssohn_-paulus_wirpreisenselig.mp3\">https:\/\/www.bremer-kantorei-stephani.de\/wp-content\/uploads\/06_fmendelssohn_-paulus_wirpreisenselig.mp3<\/a><\/audio>\t\t\t\t<\/div>\n\t\t\t\t<\/div>\n\t\t\t\t<div class=\"elementor-element elementor-element-b68ae49 elementor-widget elementor-widget-text-editor\" data-id=\"b68ae49\" data-element_type=\"widget\" data-e-type=\"widget\" data-widget_type=\"text-editor.default\">\n\t\t\t\t<div class=\"elementor-widget-container\">\n\t\t\t\t\t\t\t\t\t<p>Felix Mendelssohn Bartholdy:<br \/>\nPaulus \u2013 Wir preisen selig<br \/>\n<a href=\"https:\/\/www.bremer-kantorei-stephani.de\/es\/muestras\/\" target=\"_blank\" rel=\"noopener\">muestras<\/a><\/p>\n\t\t\t\t\t\t\t\t<\/div>\n\t\t\t\t<\/div>\n\t\t\t\t<div class=\"elementor-element elementor-element-44498fc elementor-widget elementor-widget-text-editor\" data-id=\"44498fc\" data-element_type=\"widget\" data-e-type=\"widget\" data-widget_type=\"text-editor.default\">\n\t\t\t\t<div class=\"elementor-widget-container\">\n\t\t\t\t\t\t\t\t\t<h2>Ensayamos<\/h2><p>Los martes de 19:30 a 22:00 en la sala capitular de la catedral Domsheide 8 en Bremen.<br \/>Est\u00e1s cordialmente invitado.<\/p>\t\t\t\t\t\t\t\t<\/div>\n\t\t\t\t<\/div>\n\t\t\t\t\t<\/div>\n\t\t<\/div>\n\t\t\t\t\t<\/div>\n\t\t<\/section>\n\t\t\t\t<section class=\"elementor-section elementor-top-section elementor-element elementor-element-f46698c elementor-section-boxed elementor-section-height-default elementor-section-height-default\" data-id=\"f46698c\" data-element_type=\"section\" data-e-type=\"section\">\n\t\t\t\t\t\t<div class=\"elementor-container elementor-column-gap-default\">\n\t\t\t\t\t<div class=\"elementor-column elementor-col-100 elementor-top-column elementor-element elementor-element-3b209bd\" data-id=\"3b209bd\" data-element_type=\"column\" data-e-type=\"column\">\n\t\t\t<div class=\"elementor-widget-wrap elementor-element-populated\">\n\t\t\t\t\t\t<div class=\"elementor-element elementor-element-f96cc46 elementor-widget elementor-widget-spacer\" data-id=\"f96cc46\" data-element_type=\"widget\" data-e-type=\"widget\" data-widget_type=\"spacer.default\">\n\t\t\t\t<div class=\"elementor-widget-container\">\n\t\t\t\t\t\t\t<div class=\"elementor-spacer\">\n\t\t\t<div class=\"elementor-spacer-inner\"><\/div>\n\t\t<\/div>\n\t\t\t\t\t\t<\/div>\n\t\t\t\t<\/div>\n\t\t\t\t\t<\/div>\n\t\t<\/div>\n\t\t\t\t\t<\/div>\n\t\t<\/section>\n\t\t\t\t<\/div>\n\t\t","protected":false},"excerpt":{"rendered":"<p>Ensayar El coro Bremer Kantorei St. Stephani lleva a cabo audiciones los lunes de 19.30 a 22\u00a0h (excepto durante las vacaciones escolares de Bremen) en el centro parroquial de St.-Stephani, Stephanikirchhof 8, 28195 Bremen. Si es necesario y de forma opcional, tambi\u00e9n llevamos a cabo&#8230;<\/p>\n","protected":false},"author":2,"featured_media":0,"parent":0,"menu_order":0,"comment_status":"closed","ping_status":"closed","template":"","meta":{"footnotes":""},"class_list":["post-3471","page","type-page","status-publish","hentry"],"_links":{"self":[{"href":"https:\/\/www.bremer-kantorei-stephani.de\/es\/wp-json\/wp\/v2\/pages\/3471","targetHints":{"allow":["GET"]}}],"collection":[{"href":"https:\/\/www.bremer-kantorei-stephani.de\/es\/wp-json\/wp\/v2\/pages"}],"about":[{"href":"https:\/\/www.bremer-kantorei-stephani.de\/es\/wp-json\/wp\/v2\/types\/page"}],"author":[{"embeddable":true,"href":"https:\/\/www.bremer-kantorei-stephani.de\/es\/wp-json\/wp\/v2\/users\/2"}],"replies":[{"embeddable":true,"href":"https:\/\/www.bremer-kantorei-stephani.de\/es\/wp-json\/wp\/v2\/comments?post=3471"}],"version-history":[{"count":3,"href":"https:\/\/www.bremer-kantorei-stephani.de\/es\/wp-json\/wp\/v2\/pages\/3471\/revisions"}],"predecessor-version":[{"id":4382,"href":"https:\/\/www.bremer-kantorei-stephani.de\/es\/wp-json\/wp\/v2\/pages\/3471\/revisions\/4382"}],"wp:attachment":[{"href":"https:\/\/www.bremer-kantorei-stephani.de\/es\/wp-json\/wp\/v2\/media?parent=3471"}],"curies":[{"name":"wp","href":"https:\/\/api.w.org\/{rel}","templated":true}]}}