{"id":3449,"date":"2020-11-30T16:15:07","date_gmt":"2020-11-30T15:15:07","guid":{"rendered":"https:\/\/www.bremer-kantorei-stephani.de\/coro\/"},"modified":"2020-12-01T13:49:25","modified_gmt":"2020-12-01T12:49:25","slug":"coro","status":"publish","type":"page","link":"https:\/\/www.bremer-kantorei-stephani.de\/es\/coro\/","title":{"rendered":"Coro"},"content":{"rendered":"\t\t<div data-elementor-type=\"wp-page\" data-elementor-id=\"3449\" class=\"elementor elementor-3449 elementor-3068\" data-elementor-post-type=\"page\">\n\t\t\t\t\t\t<section class=\"elementor-section elementor-top-section elementor-element elementor-element-e11a15a elementor-section-full_width elementor-section-stretched elementor-section-height-default elementor-section-height-default\" data-id=\"e11a15a\" data-element_type=\"section\" data-e-type=\"section\" data-settings=\"{&quot;stretch_section&quot;:&quot;section-stretched&quot;}\">\n\t\t\t\t\t\t<div class=\"elementor-container elementor-column-gap-no\">\n\t\t\t\t\t<div class=\"elementor-column elementor-col-100 elementor-top-column elementor-element elementor-element-fe4d5db\" data-id=\"fe4d5db\" data-element_type=\"column\" data-e-type=\"column\">\n\t\t\t<div class=\"elementor-widget-wrap elementor-element-populated\">\n\t\t\t\t\t\t<div class=\"elementor-element elementor-element-4260deb elementor--h-position-center elementor--v-position-middle elementor-pagination-position-inside elementor-widget elementor-widget-slides\" data-id=\"4260deb\" data-element_type=\"widget\" data-e-type=\"widget\" data-settings=\"{&quot;autoplay_speed&quot;:8000,&quot;transition&quot;:&quot;fade&quot;,&quot;transition_speed&quot;:3000,&quot;navigation&quot;:&quot;dots&quot;,&quot;autoplay&quot;:&quot;yes&quot;,&quot;pause_on_hover&quot;:&quot;yes&quot;,&quot;pause_on_interaction&quot;:&quot;yes&quot;,&quot;infinite&quot;:&quot;yes&quot;}\" data-widget_type=\"slides.default\">\n\t\t\t\t<div class=\"elementor-widget-container\">\n\t\t\t\t\t\t\t\t\t<div class=\"elementor-swiper\">\n\t\t\t\t\t<div class=\"elementor-slides-wrapper elementor-main-swiper swiper\" role=\"region\" aria-roledescription=\"carousel\" aria-label=\"Diapositivas\" dir=\"ltr\" data-animation=\"fadeInUp\">\n\t\t\t\t<div class=\"swiper-wrapper elementor-slides\">\n\t\t\t\t\t\t\t\t\t\t<div class=\"elementor-repeater-item-f7f212a swiper-slide\" role=\"group\" aria-roledescription=\"slide\"><div class=\"swiper-slide-bg\" role=\"img\" aria-label=\"menschen-1\"><\/div><div class=\"swiper-slide-inner\" ><div class=\"swiper-slide-contents\"><\/div><\/div><\/div><div class=\"elementor-repeater-item-06efb07 swiper-slide\" role=\"group\" aria-roledescription=\"slide\"><div class=\"swiper-slide-bg\" role=\"img\" aria-label=\"menschen-2\"><\/div><div class=\"swiper-slide-inner\" ><div class=\"swiper-slide-contents\"><\/div><\/div><\/div><div class=\"elementor-repeater-item-b6903b0 swiper-slide\" role=\"group\" aria-roledescription=\"slide\"><div class=\"swiper-slide-bg\" role=\"img\" aria-label=\"menschen-3\"><\/div><div class=\"swiper-slide-inner\" ><div class=\"swiper-slide-contents\"><\/div><\/div><\/div><div class=\"elementor-repeater-item-f7105f6 swiper-slide\" role=\"group\" aria-roledescription=\"slide\"><div class=\"swiper-slide-bg\" role=\"img\" aria-label=\"menschen-4\"><\/div><div class=\"swiper-slide-inner\" ><div class=\"swiper-slide-contents\"><\/div><\/div><\/div><div class=\"elementor-repeater-item-c21716b swiper-slide\" role=\"group\" aria-roledescription=\"slide\"><div class=\"swiper-slide-bg\" role=\"img\" aria-label=\"menschen-5\"><\/div><div class=\"swiper-slide-inner\" ><div class=\"swiper-slide-contents\"><\/div><\/div><\/div><div class=\"elementor-repeater-item-8f74e11 swiper-slide\" role=\"group\" aria-roledescription=\"slide\"><div class=\"swiper-slide-bg\" role=\"img\" aria-label=\"menschen-7\"><\/div><div class=\"swiper-slide-inner\" ><div class=\"swiper-slide-contents\"><\/div><\/div><\/div>\t\t\t\t<\/div>\n\t\t\t\t\t\t\t\t\t\t\t\t\t\t\t\t\t\t\t\t<div class=\"swiper-pagination\"><\/div>\n\t\t\t\t\t\t\t\t\t\t\t\t<\/div>\n\t\t\t\t<\/div>\n\t\t\t\t\t\t\t\t<\/div>\n\t\t\t\t<\/div>\n\t\t\t\t\t<\/div>\n\t\t<\/div>\n\t\t\t\t\t<\/div>\n\t\t<\/section>\n\t\t\t\t<section class=\"elementor-section elementor-top-section elementor-element elementor-element-2a4e805 elementor-section-full_width elementor-section-stretched elementor-section-height-default elementor-section-height-default\" data-id=\"2a4e805\" data-element_type=\"section\" data-e-type=\"section\" data-settings=\"{&quot;stretch_section&quot;:&quot;section-stretched&quot;}\">\n\t\t\t\t\t\t<div class=\"elementor-container elementor-column-gap-no\">\n\t\t\t\t\t<div class=\"elementor-column elementor-col-100 elementor-top-column elementor-element elementor-element-7bb917f\" data-id=\"7bb917f\" data-element_type=\"column\" data-e-type=\"column\">\n\t\t\t<div class=\"elementor-widget-wrap elementor-element-populated\">\n\t\t\t\t\t\t<div class=\"elementor-element elementor-element-ac7745f elementor-widget elementor-widget-spacer\" data-id=\"ac7745f\" data-element_type=\"widget\" data-e-type=\"widget\" data-widget_type=\"spacer.default\">\n\t\t\t\t<div class=\"elementor-widget-container\">\n\t\t\t\t\t\t\t<div class=\"elementor-spacer\">\n\t\t\t<div class=\"elementor-spacer-inner\"><\/div>\n\t\t<\/div>\n\t\t\t\t\t\t<\/div>\n\t\t\t\t<\/div>\n\t\t\t\t\t<\/div>\n\t\t<\/div>\n\t\t\t\t\t<\/div>\n\t\t<\/section>\n\t\t\t\t<section class=\"elementor-section elementor-top-section elementor-element elementor-element-b4a9c76 elementor-section-full_width elementor-section-height-default elementor-section-height-default\" data-id=\"b4a9c76\" data-element_type=\"section\" data-e-type=\"section\">\n\t\t\t\t\t\t<div class=\"elementor-container elementor-column-gap-no\">\n\t\t\t\t\t<div class=\"elementor-column elementor-col-50 elementor-top-column elementor-element elementor-element-c4c6d7b\" data-id=\"c4c6d7b\" data-element_type=\"column\" data-e-type=\"column\">\n\t\t\t<div class=\"elementor-widget-wrap elementor-element-populated\">\n\t\t\t\t\t\t<div class=\"elementor-element elementor-element-8b9499f elementor-widget elementor-widget-heading\" data-id=\"8b9499f\" data-element_type=\"widget\" data-e-type=\"widget\" data-widget_type=\"heading.default\">\n\t\t\t\t<div class=\"elementor-widget-container\">\n\t\t\t\t\t<h1 class=\"elementor-heading-title elementor-size-default\">Bremer Kantorei St. Stephani<\/h1>\t\t\t\t<\/div>\n\t\t\t\t<\/div>\n\t\t\t\t<div class=\"elementor-element elementor-element-12c2c2b elementor-widget elementor-widget-text-editor\" data-id=\"12c2c2b\" data-element_type=\"widget\" data-e-type=\"widget\" data-widget_type=\"text-editor.default\">\n\t\t\t\t<div class=\"elementor-widget-container\">\n\t\t\t\t\t\t\t\t\t<p><strong>Direcci\u00f3n art\u00edstica: Tim G\u00fcnther<\/strong><\/p><p>Bremer Kantorei <a href=\"https:\/\/www.bremer-kantorei-stephani.de\/es\/san-esteban\/\" target=\"_blank\" rel=\"noopener\">St. Stephani<\/a> es uno de los principales coros de Bremen y de toda la regi\u00f3n. Con m\u00e1s de 125 a\u00f1os de historia a sus espaldas, tambi\u00e9n es uno de los m\u00e1s antiguos y con el tiempo se ha distinguido como un coro moderno y refinado.<\/p><p>El coro representa alrededor de cinco programas cada a\u00f1o. El <a href=\"https:\/\/www.bremer-kantorei-stephani.de\/es\/repertorio\/\" target=\"_blank\" rel=\"noopener\">repertorio<\/a> es amplio y engloba desde <a href=\"https:\/\/www.bremer-kantorei-stephani.de\/es\/muestras\/\" target=\"_blank\" rel=\"noopener\">oratorios<\/a> cl\u00e1sicos y cantatas, m\u00fasica espiritual <a href=\"https:\/\/www.bremer-kantorei-stephani.de\/es\/repertorio\/\" target=\"_blank\" rel=\"noopener\">a cappella <\/a>y literatura religiosa moderna (p. ej., los textos de Huub Oosterhuis), pasando por composiciones contempor\u00e1neas, canciones espirituales y g\u00f3spel, hasta m\u00fasicas del mundo y jazz.<\/p><p>En cuanto al contenido, tambi\u00e9n hay proyectos especiales de car\u00e1cter internacional, como varias representaciones del <a href=\"https:\/\/www.bremer-kantorei-stephani.de\/es\/muestras\/\" target=\"_blank\" rel=\"noopener\">Canto General<\/a> de Pablo Neruda y M\u00edkis Theodor\u00e1kis con estrellas de talla mundial como Mar\u00eda Faranto\u00fari y Petros Pandis, un programa con m\u00fasica internacional para los seminarios sobre trabajo e igualdad \u00abArbeit und Gerechtigkeit\u00bb o el estreno del \u00abBremer Requiem\u00bb de Harald Weiss para las Jornadas de la Iglesia evang\u00e9lica alemana de 2009 en Bremen.<\/p><p>Nuestro coro ha viajado para dar conciertos en Espa\u00f1a (Madrid y Valladolid, oto\u00f1o de 2007), Costa Rica (oto\u00f1o de 2009) y Letonia (Riga, enero de 2010). Adem\u00e1s, el coro est\u00e1 implicado en el hermanamiento de Bremen con Gd\u00e1nsk (Polonia).<\/p><p>Gracias a su destacado programa, el coro atrae a cantantes comprometidos de todos los rincones de la ciudad, sea cual sea su profesi\u00f3n, y resulta especialmente atractivo para los j\u00f3venes que quieran alcanzar un buen nivel con su canto y busquen un ambiente abierto y agradable.<\/p><p>Lo que el coro necesita es que sus <a href=\"https:\/\/www.bremer-kantorei-stephani.de\/es\/cantamos\/\" target=\"_blank\" rel=\"noopener\">nuevos miembros<\/a> tengan buena voz, experiencia coral o conocimiento de las notas musicales, que participen con regularidad y que tengan una edad de entre 18 y 40 a\u00f1os para mantener una buena mezcla de edades. No obstante, si la voz es buena, estaremos encantados de hacer una excepci\u00f3n.<\/p><p>Adem\u00e1s de las <a href=\"https:\/\/www.bremer-kantorei-stephani.de\/es\/ensayar\/\" target=\"_blank\" rel=\"noopener\">audiciones<\/a> semanales (los lunes, de 19.30 a 22\u00a0h), hay ensayos los fines de semana antes de los conciertos, actividades de ocio con el coro y mucha diversi\u00f3n. Si te suena bien el plan, no dudes en ponerte en contacto con nosotros.<\/p>\t\t\t\t\t\t\t\t<\/div>\n\t\t\t\t<\/div>\n\t\t\t\t\t<\/div>\n\t\t<\/div>\n\t\t\t\t<div class=\"elementor-column elementor-col-50 elementor-top-column elementor-element elementor-element-07182d3\" data-id=\"07182d3\" data-element_type=\"column\" data-e-type=\"column\">\n\t\t\t<div class=\"elementor-widget-wrap elementor-element-populated\">\n\t\t\t\t\t\t<div class=\"elementor-element elementor-element-c4a02ba elementor-widget elementor-widget-image\" data-id=\"c4a02ba\" data-element_type=\"widget\" data-e-type=\"widget\" data-widget_type=\"image.default\">\n\t\t\t\t<div class=\"elementor-widget-container\">\n\t\t\t\t\t\t\t\t\t\t\t\t\t\t\t<img fetchpriority=\"high\" decoding=\"async\" width=\"1024\" height=\"577\" src=\"https:\/\/www.bremer-kantorei-stephani.de\/wp-content\/uploads\/langeoog3-1024x577.jpg\" class=\"attachment-large size-large wp-image-2628\" alt=\"\" srcset=\"https:\/\/www.bremer-kantorei-stephani.de\/wp-content\/uploads\/langeoog3-1024x577.jpg 1024w, https:\/\/www.bremer-kantorei-stephani.de\/wp-content\/uploads\/langeoog3-300x169.jpg 300w, https:\/\/www.bremer-kantorei-stephani.de\/wp-content\/uploads\/langeoog3-768x433.jpg 768w, https:\/\/www.bremer-kantorei-stephani.de\/wp-content\/uploads\/langeoog3.jpg 1134w\" sizes=\"(max-width: 1024px) 100vw, 1024px\" \/>\t\t\t\t\t\t\t\t\t\t\t\t\t\t\t<\/div>\n\t\t\t\t<\/div>\n\t\t\t\t<div class=\"elementor-element elementor-element-a563cac elementor-widget elementor-widget-image\" data-id=\"a563cac\" data-element_type=\"widget\" data-e-type=\"widget\" data-widget_type=\"image.default\">\n\t\t\t\t<div class=\"elementor-widget-container\">\n\t\t\t\t\t\t\t\t\t\t\t\t\t\t\t<img decoding=\"async\" width=\"461\" height=\"259\" src=\"https:\/\/www.bremer-kantorei-stephani.de\/wp-content\/uploads\/langeoog6.jpg\" class=\"attachment-full size-full wp-image-2634\" alt=\"\" srcset=\"https:\/\/www.bremer-kantorei-stephani.de\/wp-content\/uploads\/langeoog6.jpg 461w, https:\/\/www.bremer-kantorei-stephani.de\/wp-content\/uploads\/langeoog6-300x169.jpg 300w\" sizes=\"(max-width: 461px) 100vw, 461px\" \/>\t\t\t\t\t\t\t\t\t\t\t\t\t\t\t<\/div>\n\t\t\t\t<\/div>\n\t\t\t\t<div class=\"elementor-element elementor-element-5b21a27 elementor-widget elementor-widget-heading\" data-id=\"5b21a27\" data-element_type=\"widget\" data-e-type=\"widget\" data-widget_type=\"heading.default\">\n\t\t\t\t<div class=\"elementor-widget-container\">\n\t\t\t\t\t<h2 class=\"elementor-heading-title elementor-size-default\">Excoursi\u00f3n de coro a Langeoog<\/h2>\t\t\t\t<\/div>\n\t\t\t\t<\/div>\n\t\t\t\t<div class=\"elementor-element elementor-element-debd9e4 elementor-widget elementor-widget-image\" data-id=\"debd9e4\" data-element_type=\"widget\" data-e-type=\"widget\" data-widget_type=\"image.default\">\n\t\t\t\t<div class=\"elementor-widget-container\">\n\t\t\t\t\t\t\t\t\t\t\t\t\t\t\t<img decoding=\"async\" width=\"1024\" height=\"683\" src=\"https:\/\/www.bremer-kantorei-stephani.de\/wp-content\/uploads\/IMG_4387-1024x683.jpg\" class=\"attachment-large size-large wp-image-2497\" alt=\"\" srcset=\"https:\/\/www.bremer-kantorei-stephani.de\/wp-content\/uploads\/IMG_4387-1024x683.jpg 1024w, https:\/\/www.bremer-kantorei-stephani.de\/wp-content\/uploads\/IMG_4387-300x200.jpg 300w, https:\/\/www.bremer-kantorei-stephani.de\/wp-content\/uploads\/IMG_4387-768x512.jpg 768w\" sizes=\"(max-width: 1024px) 100vw, 1024px\" \/>\t\t\t\t\t\t\t\t\t\t\t\t\t\t\t<\/div>\n\t\t\t\t<\/div>\n\t\t\t\t<div class=\"elementor-element elementor-element-bc14447 elementor-widget elementor-widget-heading\" data-id=\"bc14447\" data-element_type=\"widget\" data-e-type=\"widget\" data-widget_type=\"heading.default\">\n\t\t\t\t<div class=\"elementor-widget-container\">\n\t\t\t\t\t<h2 class=\"elementor-heading-title elementor-size-default\">Excoursi\u00f3n de coro a Olomouc<\/h2>\t\t\t\t<\/div>\n\t\t\t\t<\/div>\n\t\t\t\t\t<\/div>\n\t\t<\/div>\n\t\t\t\t\t<\/div>\n\t\t<\/section>\n\t\t\t\t<section class=\"elementor-section elementor-top-section elementor-element elementor-element-6019d78 elementor-section-boxed elementor-section-height-default elementor-section-height-default\" data-id=\"6019d78\" data-element_type=\"section\" data-e-type=\"section\">\n\t\t\t\t\t\t<div class=\"elementor-container elementor-column-gap-default\">\n\t\t\t\t\t<div class=\"elementor-column elementor-col-100 elementor-top-column elementor-element elementor-element-ac0c71a\" data-id=\"ac0c71a\" data-element_type=\"column\" data-e-type=\"column\">\n\t\t\t<div class=\"elementor-widget-wrap elementor-element-populated\">\n\t\t\t\t\t\t<div class=\"elementor-element elementor-element-0f7d158 elementor-widget elementor-widget-spacer\" data-id=\"0f7d158\" data-element_type=\"widget\" data-e-type=\"widget\" data-widget_type=\"spacer.default\">\n\t\t\t\t<div class=\"elementor-widget-container\">\n\t\t\t\t\t\t\t<div class=\"elementor-spacer\">\n\t\t\t<div class=\"elementor-spacer-inner\"><\/div>\n\t\t<\/div>\n\t\t\t\t\t\t<\/div>\n\t\t\t\t<\/div>\n\t\t\t\t\t<\/div>\n\t\t<\/div>\n\t\t\t\t\t<\/div>\n\t\t<\/section>\n\t\t\t\t<\/div>\n\t\t","protected":false},"excerpt":{"rendered":"<p>Bremer Kantorei St. Stephani Direcci\u00f3n art\u00edstica: Tim G\u00fcnther Bremer Kantorei St. Stephani es uno de los principales coros de Bremen y de toda la regi\u00f3n. Con m\u00e1s de 125 a\u00f1os de historia a sus espaldas, tambi\u00e9n es uno de los m\u00e1s antiguos y con el&#8230;<\/p>\n","protected":false},"author":2,"featured_media":0,"parent":0,"menu_order":0,"comment_status":"closed","ping_status":"closed","template":"","meta":{"footnotes":""},"class_list":["post-3449","page","type-page","status-publish","hentry"],"_links":{"self":[{"href":"https:\/\/www.bremer-kantorei-stephani.de\/es\/wp-json\/wp\/v2\/pages\/3449","targetHints":{"allow":["GET"]}}],"collection":[{"href":"https:\/\/www.bremer-kantorei-stephani.de\/es\/wp-json\/wp\/v2\/pages"}],"about":[{"href":"https:\/\/www.bremer-kantorei-stephani.de\/es\/wp-json\/wp\/v2\/types\/page"}],"author":[{"embeddable":true,"href":"https:\/\/www.bremer-kantorei-stephani.de\/es\/wp-json\/wp\/v2\/users\/2"}],"replies":[{"embeddable":true,"href":"https:\/\/www.bremer-kantorei-stephani.de\/es\/wp-json\/wp\/v2\/comments?post=3449"}],"version-history":[{"count":3,"href":"https:\/\/www.bremer-kantorei-stephani.de\/es\/wp-json\/wp\/v2\/pages\/3449\/revisions"}],"predecessor-version":[{"id":3547,"href":"https:\/\/www.bremer-kantorei-stephani.de\/es\/wp-json\/wp\/v2\/pages\/3449\/revisions\/3547"}],"wp:attachment":[{"href":"https:\/\/www.bremer-kantorei-stephani.de\/es\/wp-json\/wp\/v2\/media?parent=3449"}],"curies":[{"name":"wp","href":"https:\/\/api.w.org\/{rel}","templated":true}]}}